{"id":7,"date":"2023-09-29T13:22:11","date_gmt":"2023-09-29T16:22:11","guid":{"rendered":"https:\/\/edvar.pro.br\/sindproifespa\/?page_id=7"},"modified":"2023-10-15T21:18:05","modified_gmt":"2023-10-16T00:18:05","slug":"home","status":"publish","type":"page","link":"https:\/\/edvar.pro.br\/sindproifespa\/","title":{"rendered":"Home"},"content":{"rendered":"\t\t<div data-elementor-type=\"wp-page\" data-elementor-id=\"7\" class=\"elementor elementor-7\" data-elementor-post-type=\"page\">\n\t\t\t\t<div class=\"elementor-element elementor-element-c541eb6 e-flex e-con-boxed e-con e-parent\" data-id=\"c541eb6\" data-element_type=\"container\" data-settings=\"{&quot;background_background&quot;:&quot;classic&quot;}\">\n\t\t\t\t\t<div class=\"e-con-inner\">\n\t\t<div class=\"elementor-element elementor-element-d47d165 e-con-full e-flex e-con e-child\" data-id=\"d47d165\" data-element_type=\"container\">\n\t\t\t\t<div class=\"elementor-element elementor-element-a9d2758 elementor-widget elementor-widget-image\" data-id=\"a9d2758\" data-element_type=\"widget\" data-widget_type=\"image.default\">\n\t\t\t\t<div class=\"elementor-widget-container\">\n\t\t\t\t\t\t\t\t\t\t\t\t\t\t\t\t<a href=\"https:\/\/edvar.pro.br\/sindproifespa\/junte-se-a-nos\/\">\n\t\t\t\t\t\t\t<img fetchpriority=\"high\" decoding=\"async\" width=\"684\" height=\"393\" src=\"https:\/\/edvar.pro.br\/sindproifespa\/wp-content\/uploads\/2023\/10\/Group-1.png\" class=\"attachment-full size-full wp-image-551\" alt=\"\" srcset=\"https:\/\/edvar.pro.br\/sindproifespa\/wp-content\/uploads\/2023\/10\/Group-1.png 684w, https:\/\/edvar.pro.br\/sindproifespa\/wp-content\/uploads\/2023\/10\/Group-1-300x172.png 300w\" sizes=\"(max-width: 684px) 100vw, 684px\" \/>\t\t\t\t\t\t\t\t<\/a>\n\t\t\t\t\t\t\t\t\t\t\t\t\t\t\t<\/div>\n\t\t\t\t<\/div>\n\t\t\t\t<\/div>\n\t\t<div class=\"elementor-element elementor-element-1272ec0 e-con-full e-flex e-con e-child\" data-id=\"1272ec0\" data-element_type=\"container\">\n\t\t\t\t<\/div>\n\t\t\t\t\t<\/div>\n\t\t\t\t<\/div>\n\t\t<div class=\"elementor-element elementor-element-5de3fc3 e-flex e-con-boxed e-con e-parent\" data-id=\"5de3fc3\" data-element_type=\"container\" data-settings=\"{&quot;background_background&quot;:&quot;classic&quot;}\">\n\t\t\t\t\t<div class=\"e-con-inner\">\n\t\t\t\t<div class=\"elementor-element elementor-element-6b6c99f elementor-widget elementor-widget-heading\" data-id=\"6b6c99f\" data-element_type=\"widget\" data-widget_type=\"heading.default\">\n\t\t\t\t<div class=\"elementor-widget-container\">\n\t\t\t\t\t<h2 class=\"elementor-heading-title elementor-size-default\">Desafios na Carreira Docente<\/h2>\t\t\t\t<\/div>\n\t\t\t\t<\/div>\n\t\t\t\t\t<\/div>\n\t\t\t\t<\/div>\n\t\t<div class=\"elementor-element elementor-element-77b73ce e-flex e-con-boxed e-con e-parent\" data-id=\"77b73ce\" data-element_type=\"container\" data-settings=\"{&quot;background_background&quot;:&quot;classic&quot;}\">\n\t\t\t\t\t<div class=\"e-con-inner\">\n\t\t<div class=\"elementor-element elementor-element-c52a42b e-con-full e-flex e-con e-child\" data-id=\"c52a42b\" data-element_type=\"container\">\n\t\t\t\t<div class=\"elementor-element elementor-element-b8f8733 elementor-position-top elementor-widget elementor-widget-image-box\" data-id=\"b8f8733\" data-element_type=\"widget\" data-widget_type=\"image-box.default\">\n\t\t\t\t<div class=\"elementor-widget-container\">\n\t\t\t\t\t<div class=\"elementor-image-box-wrapper\"><figure class=\"elementor-image-box-img\"><img decoding=\"async\" src=\"https:\/\/edvar.pro.br\/sindproifespa\/wp-content\/plugins\/elementor\/assets\/images\/placeholder.png\" title=\"\" alt=\"\" loading=\"lazy\" \/><\/figure><div class=\"elementor-image-box-content\"><h4 class=\"elementor-image-box-title\">Sal\u00e1rios Defasados<\/h4><p class=\"elementor-image-box-description\">Muitos docentes enfrentam a frustra\u00e7\u00e3o de sal\u00e1rios defasados que n\u00e3o refletem a import\u00e2ncia e o comprometimento da profiss\u00e3o.<\/p><\/div><\/div>\t\t\t\t<\/div>\n\t\t\t\t<\/div>\n\t\t\t\t<\/div>\n\t\t<div class=\"elementor-element elementor-element-045f076 e-con-full e-flex e-con e-child\" data-id=\"045f076\" data-element_type=\"container\">\n\t\t\t\t<div class=\"elementor-element elementor-element-d7e1767 elementor-position-top elementor-widget elementor-widget-image-box\" data-id=\"d7e1767\" data-element_type=\"widget\" data-widget_type=\"image-box.default\">\n\t\t\t\t<div class=\"elementor-widget-container\">\n\t\t\t\t\t<div class=\"elementor-image-box-wrapper\"><figure class=\"elementor-image-box-img\"><img decoding=\"async\" src=\"https:\/\/edvar.pro.br\/sindproifespa\/wp-content\/plugins\/elementor\/assets\/images\/placeholder.png\" title=\"\" alt=\"\" loading=\"lazy\" \/><\/figure><div class=\"elementor-image-box-content\"><h4 class=\"elementor-image-box-title\">Sal\u00e1rios Defasados<\/h4><p class=\"elementor-image-box-description\">Muitos docentes enfrentam a frustra\u00e7\u00e3o de sal\u00e1rios defasados que n\u00e3o refletem a import\u00e2ncia e o comprometimento da profiss\u00e3o.<\/p><\/div><\/div>\t\t\t\t<\/div>\n\t\t\t\t<\/div>\n\t\t\t\t<\/div>\n\t\t<div class=\"elementor-element elementor-element-2da4c3d e-con-full e-flex e-con e-child\" data-id=\"2da4c3d\" data-element_type=\"container\">\n\t\t\t\t<div class=\"elementor-element elementor-element-93558a1 elementor-position-top elementor-widget elementor-widget-image-box\" data-id=\"93558a1\" data-element_type=\"widget\" data-widget_type=\"image-box.default\">\n\t\t\t\t<div class=\"elementor-widget-container\">\n\t\t\t\t\t<div class=\"elementor-image-box-wrapper\"><figure class=\"elementor-image-box-img\"><img decoding=\"async\" src=\"https:\/\/edvar.pro.br\/sindproifespa\/wp-content\/plugins\/elementor\/assets\/images\/placeholder.png\" title=\"\" alt=\"\" loading=\"lazy\" \/><\/figure><div class=\"elementor-image-box-content\"><h4 class=\"elementor-image-box-title\">Sal\u00e1rios Defasados<\/h4><p class=\"elementor-image-box-description\">Muitos docentes enfrentam a frustra\u00e7\u00e3o de sal\u00e1rios defasados que n\u00e3o refletem a import\u00e2ncia e o comprometimento da profiss\u00e3o.<\/p><\/div><\/div>\t\t\t\t<\/div>\n\t\t\t\t<\/div>\n\t\t\t\t<\/div>\n\t\t<div class=\"elementor-element elementor-element-1d2dde6 e-con-full e-flex e-con e-child\" data-id=\"1d2dde6\" data-element_type=\"container\">\n\t\t\t\t<div class=\"elementor-element elementor-element-efa3b72 elementor-position-top elementor-widget elementor-widget-image-box\" data-id=\"efa3b72\" data-element_type=\"widget\" data-widget_type=\"image-box.default\">\n\t\t\t\t<div class=\"elementor-widget-container\">\n\t\t\t\t\t<div class=\"elementor-image-box-wrapper\"><figure class=\"elementor-image-box-img\"><img decoding=\"async\" src=\"https:\/\/edvar.pro.br\/sindproifespa\/wp-content\/plugins\/elementor\/assets\/images\/placeholder.png\" title=\"\" alt=\"\" loading=\"lazy\" \/><\/figure><div class=\"elementor-image-box-content\"><h4 class=\"elementor-image-box-title\">Sal\u00e1rios Defasados<\/h4><p class=\"elementor-image-box-description\">Muitos docentes enfrentam a frustra\u00e7\u00e3o de sal\u00e1rios defasados que n\u00e3o refletem a import\u00e2ncia e o comprometimento da profiss\u00e3o.<\/p><\/div><\/div>\t\t\t\t<\/div>\n\t\t\t\t<\/div>\n\t\t\t\t<\/div>\n\t\t<div class=\"elementor-element elementor-element-18b12a5 e-con-full e-flex e-con e-child\" data-id=\"18b12a5\" data-element_type=\"container\">\n\t\t\t\t<div class=\"elementor-element elementor-element-4edb7d8 elementor-position-top elementor-widget elementor-widget-image-box\" data-id=\"4edb7d8\" data-element_type=\"widget\" data-widget_type=\"image-box.default\">\n\t\t\t\t<div class=\"elementor-widget-container\">\n\t\t\t\t\t<div class=\"elementor-image-box-wrapper\"><figure class=\"elementor-image-box-img\"><img decoding=\"async\" src=\"https:\/\/edvar.pro.br\/sindproifespa\/wp-content\/plugins\/elementor\/assets\/images\/placeholder.png\" title=\"\" alt=\"\" loading=\"lazy\" \/><\/figure><div class=\"elementor-image-box-content\"><h4 class=\"elementor-image-box-title\">Sal\u00e1rios Defasados<\/h4><p class=\"elementor-image-box-description\">Muitos docentes enfrentam a frustra\u00e7\u00e3o de sal\u00e1rios defasados que n\u00e3o refletem a import\u00e2ncia e o comprometimento da profiss\u00e3o.<\/p><\/div><\/div>\t\t\t\t<\/div>\n\t\t\t\t<\/div>\n\t\t\t\t<\/div>\n\t\t<div class=\"elementor-element elementor-element-2d6e0e5 e-con-full e-flex e-con e-child\" data-id=\"2d6e0e5\" data-element_type=\"container\">\n\t\t\t\t<div class=\"elementor-element elementor-element-fe32ff0 elementor-position-top elementor-widget elementor-widget-image-box\" data-id=\"fe32ff0\" data-element_type=\"widget\" data-widget_type=\"image-box.default\">\n\t\t\t\t<div class=\"elementor-widget-container\">\n\t\t\t\t\t<div class=\"elementor-image-box-wrapper\"><figure class=\"elementor-image-box-img\"><img decoding=\"async\" src=\"https:\/\/edvar.pro.br\/sindproifespa\/wp-content\/plugins\/elementor\/assets\/images\/placeholder.png\" title=\"\" alt=\"\" loading=\"lazy\" \/><\/figure><div class=\"elementor-image-box-content\"><h4 class=\"elementor-image-box-title\">Sal\u00e1rios Defasados<\/h4><p class=\"elementor-image-box-description\">Muitos docentes enfrentam a frustra\u00e7\u00e3o de sal\u00e1rios defasados que n\u00e3o refletem a import\u00e2ncia e o comprometimento da profiss\u00e3o.<\/p><\/div><\/div>\t\t\t\t<\/div>\n\t\t\t\t<\/div>\n\t\t\t\t<\/div>\n\t\t<div class=\"elementor-element elementor-element-9356a0b e-con-full e-flex e-con e-child\" data-id=\"9356a0b\" data-element_type=\"container\">\n\t\t\t\t<div class=\"elementor-element elementor-element-0325de4 elementor-widget elementor-widget-text-editor\" data-id=\"0325de4\" data-element_type=\"widget\" data-widget_type=\"text-editor.default\">\n\t\t\t\t<div class=\"elementor-widget-container\">\n\t\t\t\t\t\t\t\t\t<p>A filia\u00e7\u00e3o ao Sindproifes-PA possibilita negocia\u00e7\u00f5es por sal\u00e1rios melhores, colabora\u00e7\u00e3o e apoio institucional equilibram a carga de trabalho, e o reconhecimento profissional \u00e9 obtido por destaque acad\u00eamico e participa\u00e7\u00e3o em grupos de discuss\u00e3o. Assim, os docentes podem construir carreiras gratificantes e contribuir para o ensino superior de forma positiva.<\/p>\t\t\t\t\t\t\t\t<\/div>\n\t\t\t\t<\/div>\n\t\t\t\t<\/div>\n\t\t\t\t\t<\/div>\n\t\t\t\t<\/div>\n\t\t<div class=\"elementor-element elementor-element-30cfa34 e-flex e-con-boxed e-con e-parent\" data-id=\"30cfa34\" data-element_type=\"container\">\n\t\t\t\t\t<div class=\"e-con-inner\">\n\t\t\t\t<div class=\"elementor-element elementor-element-bea6a06 elementor-widget elementor-widget-heading\" data-id=\"bea6a06\" data-element_type=\"widget\" data-widget_type=\"heading.default\">\n\t\t\t\t<div class=\"elementor-widget-container\">\n\t\t\t\t\t<h2 class=\"elementor-heading-title elementor-size-default\">Benef\u00edcios em se filiar ao Sindproifes-PA<\/h2>\t\t\t\t<\/div>\n\t\t\t\t<\/div>\n\t\t<div class=\"elementor-element elementor-element-d864574 e-flex e-con-boxed e-con e-child\" data-id=\"d864574\" data-element_type=\"container\">\n\t\t\t\t\t<div class=\"e-con-inner\">\n\t\t\t\t<div class=\"elementor-element elementor-element-ebb09ae elementor-widget elementor-widget-image\" data-id=\"ebb09ae\" data-element_type=\"widget\" data-widget_type=\"image.default\">\n\t\t\t\t<div class=\"elementor-widget-container\">\n\t\t\t\t\t\t\t\t\t\t\t\t\t\t\t<img decoding=\"async\" width=\"336\" height=\"52\" src=\"https:\/\/edvar.pro.br\/sindproifespa\/wp-content\/uploads\/2023\/10\/start.png\" class=\"attachment-full size-full wp-image-168\" alt=\"\" srcset=\"https:\/\/edvar.pro.br\/sindproifespa\/wp-content\/uploads\/2023\/10\/start.png 336w, https:\/\/edvar.pro.br\/sindproifespa\/wp-content\/uploads\/2023\/10\/start-300x46.png 300w\" sizes=\"(max-width: 336px) 100vw, 336px\" \/>\t\t\t\t\t\t\t\t\t\t\t\t\t\t\t<\/div>\n\t\t\t\t<\/div>\n\t\t<div class=\"elementor-element elementor-element-655dbcc e-flex e-con-boxed e-con e-child\" data-id=\"655dbcc\" data-element_type=\"container\">\n\t\t\t\t\t<div class=\"e-con-inner\">\n\t\t\t\t<div class=\"elementor-element elementor-element-e575c56 elementor-widget elementor-widget-text-editor\" data-id=\"e575c56\" data-element_type=\"widget\" data-widget_type=\"text-editor.default\">\n\t\t\t\t<div class=\"elementor-widget-container\">\n\t\t\t\t\t\t\t\t\t<ul><li>Exclusivamente para nossos membros, o Sindproifes-PA conduz negocia\u00e7\u00f5es salariais assertivas, garantindo que voc\u00ea receba o valor justo pelo seu trabalho.<\/li><li>Sinta-se seguro com um sindicato que luta incansavelmente pela defesa de seus direitos e interesses profissionais.<\/li><li>Invista em seu crescimento cont\u00ednuo como educador, com oportunidades de desenvolvimento profissional sob medida para nossos membros.<\/li><li>Elevamos seu status profissional atrav\u00e9s de oportunidades de destaque acad\u00eamico e participa\u00e7\u00e3o ativa em grupos de discuss\u00e3o.<\/li><li>Ao se juntar a n\u00f3s, voc\u00ea ter\u00e1 um papel ativo em moldar o futuro da educa\u00e7\u00e3o superior e alcan\u00e7ar um senso profundo de realiza\u00e7\u00e3o.<\/li><\/ul>\t\t\t\t\t\t\t\t<\/div>\n\t\t\t\t<\/div>\n\t\t\t\t\t<\/div>\n\t\t\t\t<\/div>\n\t\t\t\t\t<\/div>\n\t\t\t\t<\/div>\n\t\t\t\t\t<\/div>\n\t\t\t\t<\/div>\n\t\t<div class=\"elementor-element elementor-element-7563df8 e-flex e-con-boxed e-con e-parent\" data-id=\"7563df8\" data-element_type=\"container\">\n\t\t\t\t\t<div class=\"e-con-inner\">\n\t\t\t\t<div class=\"elementor-element elementor-element-02b148f elementor-widget elementor-widget-heading\" data-id=\"02b148f\" data-element_type=\"widget\" data-widget_type=\"heading.default\">\n\t\t\t\t<div class=\"elementor-widget-container\">\n\t\t\t\t\t<h2 class=\"elementor-heading-title elementor-size-default\">Fique por dentro<\/h2>\t\t\t\t<\/div>\n\t\t\t\t<\/div>\n\t\t\t\t\t<\/div>\n\t\t\t\t<\/div>\n\t\t<div class=\"elementor-element elementor-element-4e7ed37 e-flex e-con-boxed e-con e-parent\" data-id=\"4e7ed37\" data-element_type=\"container\">\n\t\t\t\t\t<div class=\"e-con-inner\">\n\t\t<div class=\"elementor-element elementor-element-1755366 e-con-full e-flex e-con e-child\" data-id=\"1755366\" data-element_type=\"container\">\n\t\t\t\t<div class=\"elementor-element elementor-element-5ae168f elementor-widget elementor-widget-image\" data-id=\"5ae168f\" data-element_type=\"widget\" data-widget_type=\"image.default\">\n\t\t\t\t<div class=\"elementor-widget-container\">\n\t\t\t\t\t\t\t\t\t\t\t\t\t\t\t\t<a href=\"https:\/\/proifes.org.br\/proifes-federacao-denuncia-de-pratica-antissindical-da-andes\/\" target=\"_blank\">\n\t\t\t\t\t\t\t<img decoding=\"async\" width=\"293\" height=\"300\" src=\"https:\/\/edvar.pro.br\/sindproifespa\/wp-content\/uploads\/2023\/10\/thumb_denuncia.jpg\" class=\"attachment-medium size-medium wp-image-278\" alt=\"\" \/>\t\t\t\t\t\t\t\t<\/a>\n\t\t\t\t\t\t\t\t\t\t\t\t\t\t\t<\/div>\n\t\t\t\t<\/div>\n\t\t\t\t<\/div>\n\t\t<div class=\"elementor-element elementor-element-ccf51d2 e-con-full e-flex e-con e-child\" data-id=\"ccf51d2\" data-element_type=\"container\">\n\t\t\t\t<div class=\"elementor-element elementor-element-dab3037 elementor-widget elementor-widget-image\" data-id=\"dab3037\" data-element_type=\"widget\" data-widget_type=\"image.default\">\n\t\t\t\t<div class=\"elementor-widget-container\">\n\t\t\t\t\t\t\t\t\t\t\t\t\t\t\t\t<a href=\"https:\/\/proifes.org.br\/ajude-a-barrar-a-reforma-administrativa-assine-o-manifesto-da-frente-parlamentar-mista-em-defesa-do-servico-publico\/\" target=\"_blank\">\n\t\t\t\t\t\t\t<img loading=\"lazy\" decoding=\"async\" width=\"300\" height=\"300\" src=\"https:\/\/edvar.pro.br\/sindproifespa\/wp-content\/uploads\/2023\/10\/thumbs_manifesto.jpeg\" class=\"attachment-medium size-medium wp-image-266\" alt=\"\" srcset=\"https:\/\/edvar.pro.br\/sindproifespa\/wp-content\/uploads\/2023\/10\/thumbs_manifesto.jpeg 300w, https:\/\/edvar.pro.br\/sindproifespa\/wp-content\/uploads\/2023\/10\/thumbs_manifesto-150x150.jpeg 150w\" sizes=\"(max-width: 300px) 100vw, 300px\" \/>\t\t\t\t\t\t\t\t<\/a>\n\t\t\t\t\t\t\t\t\t\t\t\t\t\t\t<\/div>\n\t\t\t\t<\/div>\n\t\t\t\t<\/div>\n\t\t<div class=\"elementor-element elementor-element-0a1e17a e-con-full e-flex e-con e-child\" data-id=\"0a1e17a\" data-element_type=\"container\">\n\t\t\t\t<div class=\"elementor-element elementor-element-a98d832 elementor-widget elementor-widget-video\" data-id=\"a98d832\" data-element_type=\"widget\" data-settings=\"{&quot;youtube_url&quot;:&quot;https:\\\/\\\/youtu.be\\\/IoLnv25BiWA&quot;,&quot;video_type&quot;:&quot;youtube&quot;,&quot;controls&quot;:&quot;yes&quot;}\" data-widget_type=\"video.default\">\n\t\t\t\t<div class=\"elementor-widget-container\">\n\t\t\t\t\t\t\t<div class=\"elementor-wrapper elementor-open-inline\">\n\t\t\t<div class=\"elementor-video\"><\/div>\t\t<\/div>\n\t\t\t\t\t\t<\/div>\n\t\t\t\t<\/div>\n\t\t\t\t<\/div>\n\t\t\t\t\t<\/div>\n\t\t\t\t<\/div>\n\t\t\t\t<\/div>\n\t\t","protected":false},"excerpt":{"rendered":"<p>Desafios na Carreira Docente Sal\u00e1rios Defasados Muitos docentes enfrentam a frustra\u00e7\u00e3o de sal\u00e1rios defasados que n\u00e3o refletem a import\u00e2ncia e o comprometimento da profiss\u00e3o. Sal\u00e1rios Defasados Muitos docentes enfrentam a frustra\u00e7\u00e3o de sal\u00e1rios defasados que n\u00e3o refletem a import\u00e2ncia e o comprometimento da profiss\u00e3o. Sal\u00e1rios Defasados Muitos docentes enfrentam a frustra\u00e7\u00e3o de sal\u00e1rios defasados que [&hellip;]<\/p>\n","protected":false},"author":1,"featured_media":0,"parent":0,"menu_order":0,"comment_status":"closed","ping_status":"closed","template":"","meta":{"footnotes":""},"class_list":["post-7","page","type-page","status-publish","hentry"],"_links":{"self":[{"href":"https:\/\/edvar.pro.br\/sindproifespa\/wp-json\/wp\/v2\/pages\/7","targetHints":{"allow":["GET"]}}],"collection":[{"href":"https:\/\/edvar.pro.br\/sindproifespa\/wp-json\/wp\/v2\/pages"}],"about":[{"href":"https:\/\/edvar.pro.br\/sindproifespa\/wp-json\/wp\/v2\/types\/page"}],"author":[{"embeddable":true,"href":"https:\/\/edvar.pro.br\/sindproifespa\/wp-json\/wp\/v2\/users\/1"}],"replies":[{"embeddable":true,"href":"https:\/\/edvar.pro.br\/sindproifespa\/wp-json\/wp\/v2\/comments?post=7"}],"version-history":[{"count":178,"href":"https:\/\/edvar.pro.br\/sindproifespa\/wp-json\/wp\/v2\/pages\/7\/revisions"}],"predecessor-version":[{"id":557,"href":"https:\/\/edvar.pro.br\/sindproifespa\/wp-json\/wp\/v2\/pages\/7\/revisions\/557"}],"wp:attachment":[{"href":"https:\/\/edvar.pro.br\/sindproifespa\/wp-json\/wp\/v2\/media?parent=7"}],"curies":[{"name":"wp","href":"https:\/\/api.w.org\/{rel}","templated":true}]}}