{"id":333,"date":"2023-10-12T22:33:44","date_gmt":"2023-10-13T01:33:44","guid":{"rendered":"https:\/\/edvar.pro.br\/sindproifespa\/?page_id=333"},"modified":"2023-10-14T00:31:01","modified_gmt":"2023-10-14T03:31:01","slug":"noticias","status":"publish","type":"page","link":"https:\/\/edvar.pro.br\/sindproifespa\/noticias\/","title":{"rendered":"Not\u00edcias"},"content":{"rendered":"\t\t<div data-elementor-type=\"wp-page\" data-elementor-id=\"333\" class=\"elementor elementor-333\" data-elementor-post-type=\"page\">\n\t\t\t\t<div class=\"elementor-element elementor-element-a18c2ae e-flex e-con-boxed e-con e-parent\" data-id=\"a18c2ae\" data-element_type=\"container\" data-settings=\"{&quot;background_background&quot;:&quot;classic&quot;}\">\n\t\t\t\t\t<div class=\"e-con-inner\">\n\t\t\t\t<div class=\"elementor-element elementor-element-d06b727 elementor-widget elementor-widget-heading\" data-id=\"d06b727\" data-element_type=\"widget\" data-widget_type=\"heading.default\">\n\t\t\t\t<div class=\"elementor-widget-container\">\n\t\t\t\t\t<h2 class=\"elementor-heading-title elementor-size-default\">Not\u00edcias<\/h2>\t\t\t\t<\/div>\n\t\t\t\t<\/div>\n\t\t\t\t\t<\/div>\n\t\t\t\t<\/div>\n\t\t<div class=\"elementor-element elementor-element-0b999b3 e-flex e-con-boxed e-con e-parent\" data-id=\"0b999b3\" data-element_type=\"container\">\n\t\t\t\t\t<div class=\"e-con-inner\">\n\t\t\t\t<div class=\"elementor-element elementor-element-02b4486 elementor-grid-3 elementor-grid-tablet-2 elementor-grid-mobile-1 elementor-posts--thumbnail-top elementor-widget elementor-widget-posts\" data-id=\"02b4486\" data-element_type=\"widget\" data-settings=\"{&quot;pagination_type&quot;:&quot;numbers&quot;,&quot;classic_columns&quot;:&quot;3&quot;,&quot;classic_columns_tablet&quot;:&quot;2&quot;,&quot;classic_columns_mobile&quot;:&quot;1&quot;,&quot;classic_row_gap&quot;:{&quot;unit&quot;:&quot;px&quot;,&quot;size&quot;:35,&quot;sizes&quot;:[]},&quot;classic_row_gap_tablet&quot;:{&quot;unit&quot;:&quot;px&quot;,&quot;size&quot;:&quot;&quot;,&quot;sizes&quot;:[]},&quot;classic_row_gap_mobile&quot;:{&quot;unit&quot;:&quot;px&quot;,&quot;size&quot;:&quot;&quot;,&quot;sizes&quot;:[]}}\" data-widget_type=\"posts.classic\">\n\t\t\t\t<div class=\"elementor-widget-container\">\n\t\t\t\t\t\t\t<div class=\"elementor-posts-container elementor-posts elementor-posts--skin-classic elementor-grid\">\n\t\t\t\t<article class=\"elementor-post elementor-grid-item post-515 post type-post status-publish format-standard has-post-thumbnail hentry category-uncategorized\">\n\t\t\t\t<a class=\"elementor-post__thumbnail__link\" href=\"https:\/\/edvar.pro.br\/sindproifespa\/nova-vitoria-do-sindproifes-pa\/\" tabindex=\"-1\" >\n\t\t\t<div class=\"elementor-post__thumbnail\"><img decoding=\"async\" width=\"203\" height=\"84\" src=\"https:\/\/edvar.pro.br\/sindproifespa\/wp-content\/uploads\/2023\/09\/sindproifes.png\" class=\"attachment-medium size-medium wp-image-39\" alt=\"\" \/><\/div>\n\t\t<\/a>\n\t\t\t\t<div class=\"elementor-post__text\">\n\t\t\t\t<h4 class=\"elementor-post__title\">\n\t\t\t<a href=\"https:\/\/edvar.pro.br\/sindproifespa\/nova-vitoria-do-sindproifes-pa\/\" >\n\t\t\t\tNova vit\u00f3ria do SINDPROIFES-PA\t\t\t<\/a>\n\t\t<\/h4>\n\t\t\t\t<div class=\"elementor-post__meta-data\">\n\t\t\t\t\t<span class=\"elementor-post-date\">\n\t\t\t14\/10\/2023\t\t<\/span>\n\t\t\t\t<\/div>\n\t\t\t\t<div class=\"elementor-post__excerpt\">\n\t\t\t<p>Nova vit\u00f3ria do SINDPROIFES-PA: mantida a funda\u00e7\u00e3o do Sindicato pela segunda inst\u00e2ncia no TRT8 Ap\u00f3s mais de oito anos de tramita\u00e7\u00e3o, o processo que fora ajuizado inicialmente na Justi\u00e7a Comum e remetido para Justi\u00e7a do trabalho apreciar em 2023, em face da compet\u00eancia em apreciar a mat\u00e9ria ser da especializada<\/p>\n\t\t<\/div>\n\t\t\n\t\t<a class=\"elementor-post__read-more\" href=\"https:\/\/edvar.pro.br\/sindproifespa\/nova-vitoria-do-sindproifes-pa\/\" aria-label=\"Read more about Nova vit\u00f3ria do SINDPROIFES-PA\" tabindex=\"-1\" >\n\t\t\tLeia mais \u00bb\t\t<\/a>\n\n\t\t\t\t<\/div>\n\t\t\t\t<\/article>\n\t\t\t\t<\/div>\n\t\t\n\t\t\t\t\t\t<\/div>\n\t\t\t\t<\/div>\n\t\t\t\t\t<\/div>\n\t\t\t\t<\/div>\n\t\t\t\t<\/div>\n\t\t","protected":false},"excerpt":{"rendered":"<p>Not\u00edcias<\/p>\n","protected":false},"author":1,"featured_media":0,"parent":0,"menu_order":0,"comment_status":"closed","ping_status":"closed","template":"","meta":{"footnotes":""},"class_list":["post-333","page","type-page","status-publish","hentry"],"_links":{"self":[{"href":"https:\/\/edvar.pro.br\/sindproifespa\/wp-json\/wp\/v2\/pages\/333","targetHints":{"allow":["GET"]}}],"collection":[{"href":"https:\/\/edvar.pro.br\/sindproifespa\/wp-json\/wp\/v2\/pages"}],"about":[{"href":"https:\/\/edvar.pro.br\/sindproifespa\/wp-json\/wp\/v2\/types\/page"}],"author":[{"embeddable":true,"href":"https:\/\/edvar.pro.br\/sindproifespa\/wp-json\/wp\/v2\/users\/1"}],"replies":[{"embeddable":true,"href":"https:\/\/edvar.pro.br\/sindproifespa\/wp-json\/wp\/v2\/comments?post=333"}],"version-history":[{"count":16,"href":"https:\/\/edvar.pro.br\/sindproifespa\/wp-json\/wp\/v2\/pages\/333\/revisions"}],"predecessor-version":[{"id":543,"href":"https:\/\/edvar.pro.br\/sindproifespa\/wp-json\/wp\/v2\/pages\/333\/revisions\/543"}],"wp:attachment":[{"href":"https:\/\/edvar.pro.br\/sindproifespa\/wp-json\/wp\/v2\/media?parent=333"}],"curies":[{"name":"wp","href":"https:\/\/api.w.org\/{rel}","templated":true}]}}