{"id":29,"date":"2023-10-12T14:41:49","date_gmt":"2023-10-12T17:41:49","guid":{"rendered":"https:\/\/edvar.pro.br\/sindproifespa\/?page_id=29"},"modified":"2023-10-15T21:26:38","modified_gmt":"2023-10-16T00:26:38","slug":"junte-se-a-nos","status":"publish","type":"page","link":"https:\/\/edvar.pro.br\/sindproifespa\/junte-se-a-nos\/","title":{"rendered":"Junte-se a n\u00f3s"},"content":{"rendered":"\t\t<div data-elementor-type=\"wp-page\" data-elementor-id=\"29\" class=\"elementor elementor-29\" data-elementor-post-type=\"page\">\n\t\t\t\t<div class=\"elementor-element elementor-element-42ee542 e-flex e-con-boxed e-con e-parent\" data-id=\"42ee542\" data-element_type=\"container\" data-settings=\"{&quot;background_background&quot;:&quot;classic&quot;}\">\n\t\t\t\t\t<div class=\"e-con-inner\">\n\t\t<div class=\"elementor-element elementor-element-7682825 e-con-full e-flex e-con e-child\" data-id=\"7682825\" data-element_type=\"container\">\n\t\t\t\t<div class=\"elementor-element elementor-element-e264414 elementor-widget elementor-widget-heading\" data-id=\"e264414\" data-element_type=\"widget\" data-widget_type=\"heading.default\">\n\t\t\t\t<div class=\"elementor-widget-container\">\n\t\t\t\t\t<h2 class=\"elementor-heading-title elementor-size-default\">Junte-se ao Sindproifes-PA: Fa\u00e7a Parte da Mudan\u00e7a na Educa\u00e7\u00e3o<\/h2>\t\t\t\t<\/div>\n\t\t\t\t<\/div>\n\t\t\t\t<div class=\"elementor-element elementor-element-4eb3823 elementor-widget elementor-widget-spacer\" data-id=\"4eb3823\" data-element_type=\"widget\" data-widget_type=\"spacer.default\">\n\t\t\t\t<div class=\"elementor-widget-container\">\n\t\t\t\t\t\t\t<div class=\"elementor-spacer\">\n\t\t\t<div class=\"elementor-spacer-inner\"><\/div>\n\t\t<\/div>\n\t\t\t\t\t\t<\/div>\n\t\t\t\t<\/div>\n\t\t\t\t<div class=\"elementor-element elementor-element-ee718c0 elementor-widget elementor-widget-heading\" data-id=\"ee718c0\" data-element_type=\"widget\" data-widget_type=\"heading.default\">\n\t\t\t\t<div class=\"elementor-widget-container\">\n\t\t\t\t\t<h2 class=\"elementor-heading-title elementor-size-default\">Filie-se<\/h2>\t\t\t\t<\/div>\n\t\t\t\t<\/div>\n\t\t\t\t<\/div>\n\t\t\t\t\t<\/div>\n\t\t\t\t<\/div>\n\t\t<div class=\"elementor-element elementor-element-d39a4d3 e-flex e-con-boxed e-con e-parent\" data-id=\"d39a4d3\" data-element_type=\"container\">\n\t\t\t\t\t<div class=\"e-con-inner\">\n\t\t\t\t<div class=\"elementor-element elementor-element-dfeef1b elementor-widget elementor-widget-heading\" data-id=\"dfeef1b\" data-element_type=\"widget\" data-widget_type=\"heading.default\">\n\t\t\t\t<div class=\"elementor-widget-container\">\n\t\t\t\t\t<h2 class=\"elementor-heading-title elementor-size-default\">No Sindproifes-PA, acreditamos que juntos somos mais fortes. Ao se filiar a nossa comunidade de educadores comprometidos, voc\u00ea se torna parte de uma voz unida que busca aprimorar a qualidade do ensino superior, defender seus direitos e lutar por melhores condi\u00e7\u00f5es de trabalho.<\/h2>\t\t\t\t<\/div>\n\t\t\t\t<\/div>\n\t\t\t\t<div class=\"elementor-element elementor-element-c9465d2 elementor-widget elementor-widget-heading\" data-id=\"c9465d2\" data-element_type=\"widget\" data-widget_type=\"heading.default\">\n\t\t\t\t<div class=\"elementor-widget-container\">\n\t\t\t\t\t<h2 class=\"elementor-heading-title elementor-size-default\">Pronto para se juntar a n\u00f3s? Clique no \u00edcone abaixo para iniciar o processo de filia\u00e7\u00e3o e fazer parte de uma comunidade dedicada a promover uma educa\u00e7\u00e3o superior de excel\u00eancia.<\/h2>\t\t\t\t<\/div>\n\t\t\t\t<\/div>\n\t\t\t\t<div class=\"elementor-element elementor-element-8bd8b01 elementor-view-default elementor-widget elementor-widget-icon\" data-id=\"8bd8b01\" data-element_type=\"widget\" data-settings=\"{&quot;_animation&quot;:&quot;none&quot;}\" data-widget_type=\"icon.default\">\n\t\t\t\t<div class=\"elementor-widget-container\">\n\t\t\t\t\t\t\t<div class=\"elementor-icon-wrapper\">\n\t\t\t<div class=\"elementor-icon\">\n\t\t\t<i aria-hidden=\"true\" class=\"fas fa-download\"><\/i>\t\t\t<\/div>\n\t\t<\/div>\n\t\t\t\t\t\t<\/div>\n\t\t\t\t<\/div>\n\t\t\t\t\t<\/div>\n\t\t\t\t<\/div>\n\t\t<div class=\"elementor-element elementor-element-7cd59cf e-flex e-con-boxed e-con e-parent\" data-id=\"7cd59cf\" data-element_type=\"container\">\n\t\t\t\t\t<div class=\"e-con-inner\">\n\t\t<div class=\"elementor-element elementor-element-3a628ee e-con-full e-flex e-con e-child\" data-id=\"3a628ee\" data-element_type=\"container\">\n\t\t\t\t<\/div>\n\t\t<div class=\"elementor-element elementor-element-c5a8610 e-con-full e-flex e-con e-child\" data-id=\"c5a8610\" data-element_type=\"container\">\n\t\t\t\t<div class=\"elementor-element elementor-element-5e340d2 elementor-widget elementor-widget-heading\" data-id=\"5e340d2\" data-element_type=\"widget\" data-widget_type=\"heading.default\">\n\t\t\t\t<div class=\"elementor-widget-container\">\n\t\t\t\t\t<h2 class=\"elementor-heading-title elementor-size-default\">Em caso de d\u00favidas, cadastre seus dados que entraremos em contato<\/h2>\t\t\t\t<\/div>\n\t\t\t\t<\/div>\n\t\t\t\t<div class=\"elementor-element elementor-element-d91acc6 elementor-widget elementor-widget-shortcode\" data-id=\"d91acc6\" data-element_type=\"widget\" data-widget_type=\"shortcode.default\">\n\t\t\t\t<div class=\"elementor-widget-container\">\n\t\t\t\t\t\t\t<div class=\"elementor-shortcode\">        <style>\n            \/* Estilize os campos de entrada *\/\n            input[type=\"text\"],\n            input[type=\"email\"],\n            input[type=\"tel\"] {\n                border: 2px solid #007BFF;\n                padding: 10px;\n                margin-bottom: 10px;\n                width: 100%;\n            }\n\n            \/* Estilize o bot\u00e3o *\/\n            input[type=\"submit\"] {\n                background-color: #007BFF;\n                color: white;\n                border: none;\n                padding: 10px 60px;\n                text-align: center;\n                cursor: pointer;\n            }\n\n            .formulario-contato {\n                text-align: center;\n            }\n\n            \/* Estilo para centralizar o bot\u00e3o submit usando Flexbox *\/\n            .form-submit-container {\n                display: flex;\n                justify-content: center;\n                \/* Centraliza horizontalmente *\/\n                align-items: center;\n                \/* Centraliza verticalmente *\/\n                margin-top: 10px;\n                \/* Espa\u00e7amento superior opcional *\/\n            }\n\n            \/* Estilo para a mensagem de sucesso *\/\n            .success-message {\n                background-color: #28A745;\n                \/* Cor de fundo azul *\/\n                color: #ffffff;\n                \/* Cor do texto branca *\/\n                padding: 10px;\n                \/* Espa\u00e7amento interno *\/\n                text-align: center;\n                font-size: medium;\n                \/* Alinhamento ao centro *\/\n                border-radius: 5px;\n                \/* Borda arredondada *\/\n                margin-top: 10px;\n                \/* Espa\u00e7amento superior *\/\n            }\n\n            .error-message {\n                background-color: #DC3545;\n                \/* Cor de fundo azul *\/\n                color: #ffffff;\n                \/* Cor do texto branca *\/\n                padding: 10px;\n                \/* Espa\u00e7amento interno *\/\n                text-align: center;\n                font-size: medium;\n                \/* Alinhamento ao centro *\/\n                border-radius: 5px;\n                \/* Borda arredondada *\/\n                margin-top: 10px;\n                \/* Espa\u00e7amento superior *\/\n            }\n        <\/style>\n\n        <div id=\"formulario-contato\">\n\n            <form id=\"form-contato\" action=\"\" method=\"post\">\n                <input type=\"hidden\" name=\"action\" value=\"enviar_contato\">\n\n                <label for=\"nome\">Nome:<\/label>\n                <input type=\"text\" name=\"nome\" required><br>\n\n                <label for=\"email\">E-mail:<\/label>\n                <input type=\"email\" name=\"email\" required><br>\n\n                <label for=\"telefone\">Telefone:<\/label>\n                <input type=\"tel\" name=\"telefone\"><br>\n\n                <!-- Campos ocultos para created_at e updated_at -->\n                <input type=\"hidden\" name=\"created_at\" id=\"created_at\" value=\" 2026-04-30 13:52:05\">\n                <input type=\"hidden\" name=\"updated_at\" id=\"updated_at\" value=\" 2026-04-30 13:52:05\">\n                <div class=\"form-submit-container\">\n                    <input type=\"submit\" value=\"Enviar\">\n                <\/div>\n            <\/form>\n\n            <div id=\"resposta-contato\"><\/div>\n        <\/div>\n\n        <script>\n            jQuery(document).ready(function($) {\n                $('#form-contato').on('submit', function(e) {\n                    e.preventDefault();\n\n                    \/\/ Defina os valores para created_at e updated_at\n                    var now = new Date().toISOString();\n                    \/\/ $('#created_at').val(now);\n                    $('#updated_at').val(now);\n\n                    var formData = $(this).serialize();\n                    $.ajax({\n                        type: 'POST',\n                        url: 'https:\/\/edvar.pro.br\/sindproifespa\/wp-admin\/admin-ajax.php',\n                        data: formData,\n                        success: function(response) {\n                            $('#formulario-contato').html(response);\n                        }\n                    });\n                });\n            });\n        <\/script>\n<\/div>\n\t\t\t\t\t\t<\/div>\n\t\t\t\t<\/div>\n\t\t\t\t<\/div>\n\t\t<div class=\"elementor-element elementor-element-63af3d3 e-con-full e-flex e-con e-child\" data-id=\"63af3d3\" data-element_type=\"container\">\n\t\t\t\t<\/div>\n\t\t\t\t\t<\/div>\n\t\t\t\t<\/div>\n\t\t\t\t<\/div>\n\t\t","protected":false},"excerpt":{"rendered":"<p>Junte-se ao Sindproifes-PA: Fa\u00e7a Parte da Mudan\u00e7a na Educa\u00e7\u00e3o Filie-se No Sindproifes-PA, acreditamos que juntos somos mais fortes. Ao se filiar a nossa comunidade de educadores comprometidos, voc\u00ea se torna parte de uma voz unida que busca aprimorar a qualidade do ensino superior, defender seus direitos e lutar por melhores condi\u00e7\u00f5es de trabalho. Pronto para [&hellip;]<\/p>\n","protected":false},"author":1,"featured_media":0,"parent":0,"menu_order":0,"comment_status":"closed","ping_status":"closed","template":"","meta":{"footnotes":""},"class_list":["post-29","page","type-page","status-publish","hentry"],"_links":{"self":[{"href":"https:\/\/edvar.pro.br\/sindproifespa\/wp-json\/wp\/v2\/pages\/29","targetHints":{"allow":["GET"]}}],"collection":[{"href":"https:\/\/edvar.pro.br\/sindproifespa\/wp-json\/wp\/v2\/pages"}],"about":[{"href":"https:\/\/edvar.pro.br\/sindproifespa\/wp-json\/wp\/v2\/types\/page"}],"author":[{"embeddable":true,"href":"https:\/\/edvar.pro.br\/sindproifespa\/wp-json\/wp\/v2\/users\/1"}],"replies":[{"embeddable":true,"href":"https:\/\/edvar.pro.br\/sindproifespa\/wp-json\/wp\/v2\/comments?post=29"}],"version-history":[{"count":58,"href":"https:\/\/edvar.pro.br\/sindproifespa\/wp-json\/wp\/v2\/pages\/29\/revisions"}],"predecessor-version":[{"id":575,"href":"https:\/\/edvar.pro.br\/sindproifespa\/wp-json\/wp\/v2\/pages\/29\/revisions\/575"}],"wp:attachment":[{"href":"https:\/\/edvar.pro.br\/sindproifespa\/wp-json\/wp\/v2\/media?parent=29"}],"curies":[{"name":"wp","href":"https:\/\/api.w.org\/{rel}","templated":true}]}}